{"id":543,"date":"2023-03-22T09:20:32","date_gmt":"2023-03-22T09:20:32","guid":{"rendered":"https:\/\/motustech.it\/?page_id=543"},"modified":"2023-10-06T14:50:22","modified_gmt":"2023-10-06T14:50:22","slug":"press-release","status":"publish","type":"page","link":"https:\/\/motustech.it\/fr\/press-release\/","title":{"rendered":"communiqu\u00e9s de presse"},"content":{"rendered":"<div data-elementor-type=\"wp-page\" data-elementor-id=\"543\" class=\"elementor elementor-543\" data-elementor-post-type=\"page\">\n\t\t\t\t\t\t\t\t\t<section class=\"elementor-section elementor-top-section elementor-element elementor-element-52806b58 elementor-section-height-min-height elementor-section-boxed elementor-section-height-default elementor-section-items-middle\" data-id=\"52806b58\" data-element_type=\"section\" data-settings=\"{&quot;background_background&quot;:&quot;classic&quot;}\">\n\t\t\t\t\t\t<div class=\"elementor-container elementor-column-gap-default\">\n\t\t\t\t\t<div class=\"elementor-column elementor-col-100 elementor-top-column elementor-element elementor-element-32308cda\" data-id=\"32308cda\" data-element_type=\"column\">\n\t\t\t<div class=\"elementor-widget-wrap elementor-element-populated\">\n\t\t\t\t\t\t\t\t<div class=\"elementor-element elementor-element-54958ad3 elementor-widget elementor-widget-heading\" data-id=\"54958ad3\" data-element_type=\"widget\" data-widget_type=\"heading.default\">\n\t\t\t\t<div class=\"elementor-widget-container\">\n\t\t\t<style>\/*! elementor - v3.17.0 - 01-11-2023 *\/\n.elementor-heading-title{padding:0;margin:0;line-height:1}.elementor-widget-heading .elementor-heading-title[class*=elementor-size-]>a{color:inherit;font-size:inherit;line-height:inherit}.elementor-widget-heading .elementor-heading-title.elementor-size-small{font-size:15px}.elementor-widget-heading .elementor-heading-title.elementor-size-medium{font-size:19px}.elementor-widget-heading .elementor-heading-title.elementor-size-large{font-size:29px}.elementor-widget-heading .elementor-heading-title.elementor-size-xl{font-size:39px}.elementor-widget-heading .elementor-heading-title.elementor-size-xxl{font-size:59px}<\/style><h2 class=\"elementor-heading-title elementor-size-default\">communiqu\u00e9s de presse<\/h2>\t\t<\/div>\n\t\t\t\t<\/div>\n\t\t\t\t\t<\/div>\n\t\t<\/div>\n\t\t\t\t\t\t\t<\/div>\n\t\t<\/section>\n\t\t\t\t<section class=\"elementor-section elementor-top-section elementor-element elementor-element-b394b61 elementor-section-boxed elementor-section-height-default elementor-section-height-default\" data-id=\"b394b61\" data-element_type=\"section\">\n\t\t\t\t\t\t<div class=\"elementor-container elementor-column-gap-default\">\n\t\t\t\t\t<div class=\"elementor-column elementor-col-100 elementor-top-column elementor-element elementor-element-49fb364\" data-id=\"49fb364\" data-element_type=\"column\">\n\t\t\t<div class=\"elementor-widget-wrap elementor-element-populated\">\n\t\t\t\t\t\t\t\t<div class=\"elementor-element elementor-element-53a83f8 elementor-widget elementor-widget-html\" data-id=\"53a83f8\" data-element_type=\"widget\" data-widget_type=\"html.default\">\n\t\t\t\t<div class=\"elementor-widget-container\">\n\t\t\t<script>\r\njQuery(document).ready(function($) {\r\nvar delay = 100; setTimeout(function() {\r\n$('.elementor-tab-title').removeClass('elementor-active');\r\n $('.elementor-tab-content').css('display', 'none'); }, delay);\r\n});\r\n<\/script>\t\t<\/div>\n\t\t\t\t<\/div>\n\t\t\t\t<div class=\"elementor-element elementor-element-1f1c32b elementor-widget elementor-widget-heading\" data-id=\"1f1c32b\" data-element_type=\"widget\" data-widget_type=\"heading.default\">\n\t\t\t\t<div class=\"elementor-widget-container\">\n\t\t\t<h2 class=\"elementor-heading-title elementor-size-default\"><a href=\"https:\/\/www.tuttosport.com\/news\/altri-sport\/running\/2023\/10\/04-114351584\/ragazzi_e_sport_come_affrontare_piedi_piatti_scoliosi_e_sovrappeso\">Enfants et sport : comment g\u00e9rer les pieds plats, la scoliose et le surpoids<\/a><\/h2>\t\t<\/div>\n\t\t\t\t<\/div>\n\t\t\t\t<section class=\"elementor-section elementor-inner-section elementor-element elementor-element-60545ee elementor-section-boxed elementor-section-height-default elementor-section-height-default\" data-id=\"60545ee\" data-element_type=\"section\">\n\t\t\t\t\t\t<div class=\"elementor-container elementor-column-gap-default\">\n\t\t\t\t\t<div class=\"elementor-column elementor-col-50 elementor-inner-column elementor-element elementor-element-624a603\" data-id=\"624a603\" data-element_type=\"column\">\n\t\t\t<div class=\"elementor-widget-wrap elementor-element-populated\">\n\t\t\t\t\t\t\t\t<div class=\"elementor-element elementor-element-7696fae elementor-widget elementor-widget-image\" data-id=\"7696fae\" data-element_type=\"widget\" data-widget_type=\"image.default\">\n\t\t\t\t<div class=\"elementor-widget-container\">\n\t\t\t<style>\/*! elementor - v3.17.0 - 01-11-2023 *\/\n.elementor-widget-image{text-align:center}.elementor-widget-image a{display:inline-block}.elementor-widget-image a img[src$=\".svg\"]{width:48px}.elementor-widget-image img{vertical-align:middle;display:inline-block}<\/style>\t\t\t\t\t\t\t\t\t\t\t\t\t<a href=\"https:\/\/www.tuttosport.com\/news\/altri-sport\/running\/2023\/10\/04-114351584\/ragazzi_e_sport_come_affrontare_piedi_piatti_scoliosi_e_sovrappeso\">\n\t\t\t\t\t\t\t<img loading=\"lazy\" decoding=\"async\" width=\"424\" height=\"94\" src=\"https:\/\/motustech.it\/wp-content\/uploads\/2023\/10\/TuttoSport_logo.png\" class=\"attachment-large size-large wp-image-613\" alt=\"\" srcset=\"https:\/\/motustech.it\/wp-content\/uploads\/2023\/10\/TuttoSport_logo.png 424w, https:\/\/motustech.it\/wp-content\/uploads\/2023\/10\/TuttoSport_logo-300x67.png 300w, https:\/\/motustech.it\/wp-content\/uploads\/2023\/10\/TuttoSport_logo-18x4.png 18w\" sizes=\"auto, (max-width: 424px) 100vw, 424px\" \/>\t\t\t\t\t\t\t\t<\/a>\n\t\t\t\t\t\t\t\t\t\t\t\t\t\t\t<\/div>\n\t\t\t\t<\/div>\n\t\t\t\t\t<\/div>\n\t\t<\/div>\n\t\t\t\t<div class=\"elementor-column elementor-col-50 elementor-inner-column elementor-element elementor-element-8b8fd13\" data-id=\"8b8fd13\" data-element_type=\"column\">\n\t\t\t<div class=\"elementor-widget-wrap elementor-element-populated\">\n\t\t\t\t\t\t\t\t<div class=\"elementor-element elementor-element-36e6759 elementor-widget elementor-widget-text-editor\" data-id=\"36e6759\" data-element_type=\"widget\" data-widget_type=\"text-editor.default\">\n\t\t\t\t<div class=\"elementor-widget-container\">\n\t\t\t<style>\/*! elementor - v3.17.0 - 01-11-2023 *\/\n.elementor-widget-text-editor.elementor-drop-cap-view-stacked .elementor-drop-cap{background-color:#69727d;color:#fff}.elementor-widget-text-editor.elementor-drop-cap-view-framed .elementor-drop-cap{color:#69727d;border:3px solid;background-color:transparent}.elementor-widget-text-editor:not(.elementor-drop-cap-view-default) .elementor-drop-cap{margin-top:8px}.elementor-widget-text-editor:not(.elementor-drop-cap-view-default) .elementor-drop-cap-letter{width:1em;height:1em}.elementor-widget-text-editor .elementor-drop-cap{float:left;text-align:center;line-height:1;font-size:50px}.elementor-widget-text-editor .elementor-drop-cap-letter{display:inline-block}<\/style>\t\t\t\t<div class=\"cell small-12 medium-1 large-2 text-center\"><div class=\"buttons-wrapper\"><div class=\"share-toggler\">Sport, sant\u00e9 et enfants : les smartphones et les jeux vid\u00e9o gagnent-ils ? Les enqu\u00eates \u00e9pid\u00e9miologiques men\u00e9es aupr\u00e8s des jeunes \u00e2g\u00e9s de 10 \u00e0 25 ans montrent que l&#039;on passe trop de temps sur les t\u00e9l\u00e9phones portables et les jeux vid\u00e9o. \u00c9viter les troubles de croissance courants mais typiques tels que le surpoids, les pieds plats, la scoliose est possible en revenant \u00e0 une pratique saine et constante du sport, en interpr\u00e9tant le plus ancien des dictons : mens sana in corpore sano.<\/div><\/div><\/div>\t\t\t\t\t\t<\/div>\n\t\t\t\t<\/div>\n\t\t\t\t\t<\/div>\n\t\t<\/div>\n\t\t\t\t\t\t\t<\/div>\n\t\t<\/section>\n\t\t\t\t<div class=\"elementor-element elementor-element-57bd91d elementor-widget elementor-widget-accordion\" data-id=\"57bd91d\" data-element_type=\"widget\" data-widget_type=\"accordion.default\">\n\t\t\t\t<div class=\"elementor-widget-container\">\n\t\t\t<style>\/*! elementor - v3.17.0 - 01-11-2023 *\/\n.elementor-accordion{text-align:left}.elementor-accordion .elementor-accordion-item{border:1px solid #d5d8dc}.elementor-accordion .elementor-accordion-item+.elementor-accordion-item{border-top:none}.elementor-accordion .elementor-tab-title{margin:0;padding:15px 20px;font-weight:700;line-height:1;cursor:pointer;outline:none}.elementor-accordion .elementor-tab-title .elementor-accordion-icon{display:inline-block;width:1.5em}.elementor-accordion .elementor-tab-title .elementor-accordion-icon svg{width:1em;height:1em}.elementor-accordion .elementor-tab-title .elementor-accordion-icon.elementor-accordion-icon-right{float:right;text-align:right}.elementor-accordion .elementor-tab-title .elementor-accordion-icon.elementor-accordion-icon-left{float:left;text-align:left}.elementor-accordion .elementor-tab-title .elementor-accordion-icon .elementor-accordion-icon-closed{display:block}.elementor-accordion .elementor-tab-title .elementor-accordion-icon .elementor-accordion-icon-opened,.elementor-accordion .elementor-tab-title.elementor-active .elementor-accordion-icon-closed{display:none}.elementor-accordion .elementor-tab-title.elementor-active .elementor-accordion-icon-opened{display:block}.elementor-accordion .elementor-tab-content{display:none;padding:15px 20px;border-top:1px solid #d5d8dc}@media (max-width:767px){.elementor-accordion .elementor-tab-title{padding:12px 15px}.elementor-accordion .elementor-tab-title .elementor-accordion-icon{width:1.2em}.elementor-accordion .elementor-tab-content{padding:7px 15px}}.e-con-inner>.elementor-widget-accordion,.e-con>.elementor-widget-accordion{width:var(--container-widget-width);--flex-grow:var(--container-widget-flex-grow)}<\/style>\t\t<div class=\"elementor-accordion\">\n\t\t\t\t\t\t\t<div class=\"elementor-accordion-item\">\n\t\t\t\t\t<div id=\"elementor-tab-title-9201\" class=\"elementor-tab-title\" data-tab=\"1\" role=\"button\" aria-controls=\"elementor-tab-content-9201\" aria-expanded=\"false\">\n\t\t\t\t\t\t\t\t\t\t\t\t\t<span class=\"elementor-accordion-icon elementor-accordion-icon-left\" aria-hidden=\"true\">\n\t\t\t\t\t\t\t\t\t\t\t\t\t\t\t<span class=\"elementor-accordion-icon-closed\"><i class=\"fas fa-plus\"><\/i><\/span>\n\t\t\t\t\t\t\t\t<span class=\"elementor-accordion-icon-opened\"><i class=\"fas fa-minus\"><\/i><\/span>\n\t\t\t\t\t\t\t\t\t\t\t\t\t\t<\/span>\n\t\t\t\t\t\t\t\t\t\t\t\t<a class=\"elementor-accordion-title\" tabindex=\"0\">Articles d&#039;autres publications<\/a>\n\t\t\t\t\t<\/div>\n\t\t\t\t\t<div id=\"elementor-tab-content-9201\" class=\"elementor-tab-content elementor-clearfix\" data-tab=\"1\" role=\"region\" aria-labelledby=\"elementor-tab-title-9201\"><ul>\n \t<li><a href=\"https:\/\/www.tuttosport.com\/news\/altri-sport\/running\/2023\/10\/04-114351584\/ragazzi_e_sport_come_affrontare_piedi_piatti_scoliosi_e_sovrappeso\">https:\/\/www.tuttosport.com\/news\/altri-sport\/running\/2023\/10\/04-114351584\/ragazzi_e_sport_come_affrontare_piedi_piatti_scoliosi_e_sovrappeso<\/a><\/li>\n \t<li><a href=\"https:\/\/www.insalutenews.it\/in-salute\/piedi-piatti-scoliosi-e-sovrappeso-in-eta-evolutiva-i-consigli-dellortopedico-per-lattivita-sportiva\/\">https:\/\/www.insalutenews.it\/in-salute\/piedi-piatti-scoliosi-e-sovrappeso-in-eta-evolutiva-i-consigli-dellortopedico-per-lattivita-sportiva\/<\/a><\/li>\n \t<li><a href=\"https:\/\/nursetimes.org\/ragazzi-e-sport-come-affrontare-piedi-piatti-scoliosi-e-sovrappeso-allinizio-della-stagione-sportiva\/164071\">https:\/\/nursetimes.org\/ragazzi-e-sport-come-affrontare-piedi-piatti-scoliosi-e-sovrappeso-allinizio-della-stagione-sportiva\/164071<\/a><\/li>\n \t<li><a href=\"https:\/\/www.corrieredellosport.it\/news\/altri-sport\/running\/2023\/10\/04-114351576\/ragazzi_e_sport_come_affrontare_piedi_piatti_scoliosi_e_sovrappeso\">https:\/\/www.corrieredellosport.it\/news\/altri-sport\/running\/2023\/10\/04-114351576\/ragazzi_e_sport_come_affrontare_piedi_piatti_scoliosi_e_sovrappeso<\/a><\/li>\n \t<li><a href=\"https:\/\/www.pianetamamma.it\/il-bambino\/sviluppo-e-crescita\/ragazzi-e-sport.html\">https:\/\/www.pianetamamma.it\/il-bambino\/sviluppo-e-crescita\/ragazzi-e-sport.html<\/a><\/li>\n \t<li><a href=\"https:\/\/www.italiasalute.it\/copertina.asp?Articolo_ID=15001\">https:\/\/www.italiasalute.it\/copertina.asp?Articolo_ID=15001<\/a><\/li>\n \t<li><a href=\"https:\/\/www.lenuovemamme.it\/ragazzi-e-sport-come-affrontare-i-piedi-piatti-scoliosi-e-sovrappeso\/\">https:\/\/www.lenuovemamme.it\/ragazzi-e-sport-come-affrontare-i-piedi-piatti-scoliosi-e-sovrappeso\/<\/a><\/li>\n \t<li><a href=\"https:\/\/www.laragnatelanews.it\/attualita\/ragazzi-e-sport-come-affrontare-piedi-piatti-scoliosi-e-sovrappeso\/84756.html\">https:\/\/www.laragnatelanews.it\/attualita\/ragazzi-e-sport-come-affrontare-piedi-piatti-scoliosi-e-sovrappeso\/84756.html<\/a><\/li>\n \t<li><a href=\"https:\/\/quisalute.online\/nuove-uscite\/piedi-piatti-sovrappeso-giovani\/\">https:\/\/quisalute.online\/nuove-uscite\/piedi-piatti-sovrappeso-giovani\/<\/a><\/li>\n \t<li><a href=\"https:\/\/websalute.it\/ragazzi-e-sport-come-affrontare-piedi-piatti-scoliosi-e-sovrappeso\/\">https:\/\/websalute.it\/ragazzi-e-sport-come-affrontare-piedi-piatti-scoliosi-e-sovrappeso\/<\/a><\/li>\n \t<li><a href=\"https:\/\/www.lavocedeimedici.it\/2023\/10\/02\/ragazzi-e-sport-come-affrontare-piedi-piatti-scoliosi-e-sovrappeso-di-daniele-mazza\/\">https:\/\/www.lavocedeimedici.it\/2023\/10\/02\/ragazzi-e-sport-come-affrontare-piedi-piatti-scoliosi-e-sovrappeso-di-daniele-mazza\/<\/a><\/li>\n<\/ul>\n&nbsp;<\/div>\n\t\t\t\t<\/div>\n\t\t\t\t\t\t\t\t<\/div>\n\t\t\t\t<\/div>\n\t\t\t\t<\/div>\n\t\t\t\t\t<\/div>\n\t\t<\/div>\n\t\t\t\t\t\t\t<\/div>\n\t\t<\/section>\n\t\t\t\t<section class=\"elementor-section elementor-top-section elementor-element elementor-element-fc13a1b elementor-section-boxed elementor-section-height-default elementor-section-height-default\" data-id=\"fc13a1b\" data-element_type=\"section\">\n\t\t\t\t\t\t<div class=\"elementor-container elementor-column-gap-default\">\n\t\t\t\t\t<div class=\"elementor-column elementor-col-100 elementor-top-column elementor-element elementor-element-4338637\" data-id=\"4338637\" data-element_type=\"column\">\n\t\t\t<div class=\"elementor-widget-wrap elementor-element-populated\">\n\t\t\t\t\t\t\t\t<div class=\"elementor-element elementor-element-4bb1ff8 elementor-widget elementor-widget-heading\" data-id=\"4bb1ff8\" data-element_type=\"widget\" data-widget_type=\"heading.default\">\n\t\t\t\t<div class=\"elementor-widget-container\">\n\t\t\t<h2 class=\"elementor-heading-title elementor-size-default\"><a href=\"https:\/\/www.bella.it\/cellulite-attenzione-alla-postura-per-non-vanificare-i-benefici-ottenuti-in-vacanza\/\">CELLULITE : FAITES ATTENTION \u00c0 VOTRE POSTURE POUR NE PAS FAIRE ANNULER LES BIENFAITS OBTENUS EN VACANCES<\/a><\/h2>\t\t<\/div>\n\t\t\t\t<\/div>\n\t\t\t\t<section class=\"elementor-section elementor-inner-section elementor-element elementor-element-6805ddd elementor-section-boxed elementor-section-height-default elementor-section-height-default\" data-id=\"6805ddd\" data-element_type=\"section\">\n\t\t\t\t\t\t<div class=\"elementor-container elementor-column-gap-default\">\n\t\t\t\t\t<div class=\"elementor-column elementor-col-50 elementor-inner-column elementor-element elementor-element-9f3e577\" data-id=\"9f3e577\" data-element_type=\"column\">\n\t\t\t<div class=\"elementor-widget-wrap elementor-element-populated\">\n\t\t\t\t\t\t\t\t<div class=\"elementor-element elementor-element-4d59a17 elementor-widget elementor-widget-image\" data-id=\"4d59a17\" data-element_type=\"widget\" data-widget_type=\"image.default\">\n\t\t\t\t<div class=\"elementor-widget-container\">\n\t\t\t\t\t\t\t\t\t\t\t\t\t\t\t\t<a href=\"https:\/\/www.bella.it\/cellulite-attenzione-alla-postura-per-non-vanificare-i-benefici-ottenuti-in-vacanza\/\">\n\t\t\t\t\t\t\t<img loading=\"lazy\" decoding=\"async\" width=\"1024\" height=\"177\" src=\"https:\/\/motustech.it\/wp-content\/uploads\/2023\/09\/bella-it-logo-negativo1-1024x177.jpg\" class=\"attachment-large size-large wp-image-602\" alt=\"\" srcset=\"https:\/\/motustech.it\/wp-content\/uploads\/2023\/09\/bella-it-logo-negativo1-1024x177.jpg 1024w, https:\/\/motustech.it\/wp-content\/uploads\/2023\/09\/bella-it-logo-negativo1-300x52.jpg 300w, https:\/\/motustech.it\/wp-content\/uploads\/2023\/09\/bella-it-logo-negativo1-768x133.jpg 768w, https:\/\/motustech.it\/wp-content\/uploads\/2023\/09\/bella-it-logo-negativo1-18x3.jpg 18w, https:\/\/motustech.it\/wp-content\/uploads\/2023\/09\/bella-it-logo-negativo1.jpg 1320w\" sizes=\"auto, (max-width: 1024px) 100vw, 1024px\" \/>\t\t\t\t\t\t\t\t<\/a>\n\t\t\t\t\t\t\t\t\t\t\t\t\t\t\t<\/div>\n\t\t\t\t<\/div>\n\t\t\t\t\t<\/div>\n\t\t<\/div>\n\t\t\t\t<div class=\"elementor-column elementor-col-50 elementor-inner-column elementor-element elementor-element-b80f94d\" data-id=\"b80f94d\" data-element_type=\"column\">\n\t\t\t<div class=\"elementor-widget-wrap elementor-element-populated\">\n\t\t\t\t\t\t\t\t<div class=\"elementor-element elementor-element-455e2f6 elementor-widget elementor-widget-text-editor\" data-id=\"455e2f6\" data-element_type=\"widget\" data-widget_type=\"text-editor.default\">\n\t\t\t\t<div class=\"elementor-widget-container\">\n\t\t\t\t\t\t\t<div class=\"cell small-12 medium-1 large-2 text-center\"><div class=\"buttons-wrapper\"><div class=\"share-toggler\">La cellulite est un d\u00e9faut d\u00fb \u00e0 divers facteurs, du mode de vie s\u00e9dentaire \u00e0 l&#039;alimentation, de la g\u00e9n\u00e9tique au stress aux habitudes quotidiennes \u00e9galement li\u00e9es au travail effectu\u00e9, au trop grand nombre d&#039;heures assises ou debout, aux chaussures, au surpoids. La posture joue \u00e9galement un r\u00f4le important, et apr\u00e8s l&#039;\u00e9t\u00e9 il est possible de conserver les avantages obtenus avec de bonnes pratiques \u00e0 suivre toute l&#039;ann\u00e9e, combinant \u00e9galement un examen cibl\u00e9 de la posture et du maintien du pied.<\/div><\/div><\/div>\t\t\t\t\t\t<\/div>\n\t\t\t\t<\/div>\n\t\t\t\t\t<\/div>\n\t\t<\/div>\n\t\t\t\t\t\t\t<\/div>\n\t\t<\/section>\n\t\t\t\t<div class=\"elementor-element elementor-element-fd0da80 elementor-widget elementor-widget-accordion\" data-id=\"fd0da80\" data-element_type=\"widget\" data-widget_type=\"accordion.default\">\n\t\t\t\t<div class=\"elementor-widget-container\">\n\t\t\t\t\t<div class=\"elementor-accordion\">\n\t\t\t\t\t\t\t<div class=\"elementor-accordion-item\">\n\t\t\t\t\t<div id=\"elementor-tab-title-2651\" class=\"elementor-tab-title\" data-tab=\"1\" role=\"button\" aria-controls=\"elementor-tab-content-2651\" aria-expanded=\"false\">\n\t\t\t\t\t\t\t\t\t\t\t\t\t<span class=\"elementor-accordion-icon elementor-accordion-icon-left\" aria-hidden=\"true\">\n\t\t\t\t\t\t\t\t\t\t\t\t\t\t\t<span class=\"elementor-accordion-icon-closed\"><i class=\"fas fa-plus\"><\/i><\/span>\n\t\t\t\t\t\t\t\t<span class=\"elementor-accordion-icon-opened\"><i class=\"fas fa-minus\"><\/i><\/span>\n\t\t\t\t\t\t\t\t\t\t\t\t\t\t<\/span>\n\t\t\t\t\t\t\t\t\t\t\t\t<a class=\"elementor-accordion-title\" tabindex=\"0\">Articles d&#039;autres publications<\/a>\n\t\t\t\t\t<\/div>\n\t\t\t\t\t<div id=\"elementor-tab-content-2651\" class=\"elementor-tab-content elementor-clearfix\" data-tab=\"1\" role=\"region\" aria-labelledby=\"elementor-tab-title-2651\"><ul>\n \t<li><a href=\"https:\/\/www.bella.it\/cellulite-attenzione-alla-postura-per-non-vanificare-i-benefici-ottenuti-in-vacanza\/\">https:\/\/www.bella.it\/cellulite-attenzione-alla-postura-per-non-vanificare-i-benefici-ottenuti-in-vacanza\/<\/a><\/li>\n \t<li><a href=\"https:\/\/blog.ilgiornale.it\/persiani\/2023\/08\/28\/cellulite-attenzione-alla-postura\/\">https:\/\/blog.ilgiornale.it\/persiani\/2023\/08\/28\/cellulite-attenzione-alla-postura\/<\/a><\/li>\n \t<li><a href=\"https:\/\/www.tagmedicina.it\/2023\/09\/01\/cellulite-attenzione-alla-postura-per-non-vanificare-i-benefici-ottenuti-in-vacanza\/\">https:\/\/www.tagmedicina.it\/2023\/09\/01\/cellulite-attenzione-alla-postura-per-non-vanificare-i-benefici-ottenuti-in-vacanza\/<\/a><\/li>\n \t<li><a href=\"https:\/\/www.luoghidellasalute.it\/cellulite-attenzione-alla-postura-per-non-vanificare-i-benefici-ottenuti-in-vacanza\/\">https:\/\/www.luoghidellasalute.it\/cellulite-attenzione-alla-postura-per-non-vanificare-i-benefici-ottenuti-in-vacanza\/<\/a><\/li>\n \t<li><a href=\"https:\/\/24live.it\/2023\/08\/31\/cellulite-attenzione-alla-postura-per-non-vanificare-i-benefici-ottenuti-in-vacanza\/\">https:\/\/24live.it\/2023\/08\/31\/cellulite-attenzione-alla-postura-per-non-vanificare-i-benefici-ottenuti-in-vacanza\/<\/a><\/li>\n<\/ul><\/div>\n\t\t\t\t<\/div>\n\t\t\t\t\t\t\t\t<\/div>\n\t\t\t\t<\/div>\n\t\t\t\t<\/div>\n\t\t\t\t\t<\/div>\n\t\t<\/div>\n\t\t\t\t\t\t\t<\/div>\n\t\t<\/section>\n\t\t\t\t<section class=\"elementor-section elementor-top-section elementor-element elementor-element-325f84f elementor-section-boxed elementor-section-height-default elementor-section-height-default\" data-id=\"325f84f\" data-element_type=\"section\">\n\t\t\t\t\t\t<div class=\"elementor-container elementor-column-gap-default\">\n\t\t\t\t\t<div class=\"elementor-column elementor-col-100 elementor-top-column elementor-element elementor-element-ac76772\" data-id=\"ac76772\" data-element_type=\"column\">\n\t\t\t<div class=\"elementor-widget-wrap elementor-element-populated\">\n\t\t\t\t\t\t\t\t<div class=\"elementor-element elementor-element-e3f4a50 elementor-widget elementor-widget-heading\" data-id=\"e3f4a50\" data-element_type=\"widget\" data-widget_type=\"heading.default\">\n\t\t\t\t<div class=\"elementor-widget-container\">\n\t\t\t<h2 class=\"elementor-heading-title elementor-size-default\"><a href=\"https:\/\/www.romatoday.it\/benessere\/salute\/sindrome-rientro-dalle-vacanze.html\">Syndrome du retour des vacances : conseils pour le vaincre gr\u00e2ce \u00e0 l&#039;activit\u00e9 physique<\/a><\/h2>\t\t<\/div>\n\t\t\t\t<\/div>\n\t\t\t\t<section class=\"elementor-section elementor-inner-section elementor-element elementor-element-22587a1 elementor-section-boxed elementor-section-height-default elementor-section-height-default\" data-id=\"22587a1\" data-element_type=\"section\">\n\t\t\t\t\t\t<div class=\"elementor-container elementor-column-gap-default\">\n\t\t\t\t\t<div class=\"elementor-column elementor-col-50 elementor-inner-column elementor-element elementor-element-a8c5ead\" data-id=\"a8c5ead\" data-element_type=\"column\">\n\t\t\t<div class=\"elementor-widget-wrap elementor-element-populated\">\n\t\t\t\t\t\t\t\t<div class=\"elementor-element elementor-element-ee7c56c elementor-widget elementor-widget-image\" data-id=\"ee7c56c\" data-element_type=\"widget\" data-widget_type=\"image.default\">\n\t\t\t\t<div class=\"elementor-widget-container\">\n\t\t\t\t\t\t\t\t\t\t\t\t\t\t\t\t<a href=\"https:\/\/www.romatoday.it\/benessere\/salute\/sindrome-rientro-dalle-vacanze.html\">\n\t\t\t\t\t\t\t<img loading=\"lazy\" decoding=\"async\" width=\"512\" height=\"512\" src=\"https:\/\/motustech.it\/wp-content\/uploads\/2023\/09\/romatoday.png\" class=\"attachment-large size-large wp-image-590\" alt=\"\" srcset=\"https:\/\/motustech.it\/wp-content\/uploads\/2023\/09\/romatoday.png 512w, https:\/\/motustech.it\/wp-content\/uploads\/2023\/09\/romatoday-300x300.png 300w, https:\/\/motustech.it\/wp-content\/uploads\/2023\/09\/romatoday-150x150.png 150w, https:\/\/motustech.it\/wp-content\/uploads\/2023\/09\/romatoday-12x12.png 12w\" sizes=\"auto, (max-width: 512px) 100vw, 512px\" \/>\t\t\t\t\t\t\t\t<\/a>\n\t\t\t\t\t\t\t\t\t\t\t\t\t\t\t<\/div>\n\t\t\t\t<\/div>\n\t\t\t\t\t<\/div>\n\t\t<\/div>\n\t\t\t\t<div class=\"elementor-column elementor-col-50 elementor-inner-column elementor-element elementor-element-26dc9cc\" data-id=\"26dc9cc\" data-element_type=\"column\">\n\t\t\t<div class=\"elementor-widget-wrap elementor-element-populated\">\n\t\t\t\t\t\t\t\t<div class=\"elementor-element elementor-element-5d66292 elementor-widget elementor-widget-text-editor\" data-id=\"5d66292\" data-element_type=\"widget\" data-widget_type=\"text-editor.default\">\n\t\t\t\t<div class=\"elementor-widget-container\">\n\t\t\t\t\t\t\t<div class=\"cell small-12 medium-1 large-2 text-center\"><div class=\"buttons-wrapper\"><div class=\"share-toggler\">\u00ab Blues des vacances \u00bb ou syndrome du retour : c&#039;est la r\u00e9ponse psycho-physique qui survient lors du retour \u00e0 la vie quotidienne, faite de travail mais aussi d&#039;engagements familiaux et donc de responsabilit\u00e9s, d&#039;horaires pr\u00e9d\u00e9finis, de rythmes pressants, d&#039;inqui\u00e9tudes et de devoirs, diff\u00e9rents du relax. rythmes des vacances que nous venons de quitter.<\/div><\/div><\/div>\t\t\t\t\t\t<\/div>\n\t\t\t\t<\/div>\n\t\t\t\t\t<\/div>\n\t\t<\/div>\n\t\t\t\t\t\t\t<\/div>\n\t\t<\/section>\n\t\t\t\t<div class=\"elementor-element elementor-element-b10ac19 elementor-widget elementor-widget-accordion\" data-id=\"b10ac19\" data-element_type=\"widget\" data-widget_type=\"accordion.default\">\n\t\t\t\t<div class=\"elementor-widget-container\">\n\t\t\t\t\t<div class=\"elementor-accordion\">\n\t\t\t\t\t\t\t<div class=\"elementor-accordion-item\">\n\t\t\t\t\t<div id=\"elementor-tab-title-1851\" class=\"elementor-tab-title\" data-tab=\"1\" role=\"button\" aria-controls=\"elementor-tab-content-1851\" aria-expanded=\"false\">\n\t\t\t\t\t\t\t\t\t\t\t\t\t<span class=\"elementor-accordion-icon elementor-accordion-icon-left\" aria-hidden=\"true\">\n\t\t\t\t\t\t\t\t\t\t\t\t\t\t\t<span class=\"elementor-accordion-icon-closed\"><i class=\"fas fa-plus\"><\/i><\/span>\n\t\t\t\t\t\t\t\t<span class=\"elementor-accordion-icon-opened\"><i class=\"fas fa-minus\"><\/i><\/span>\n\t\t\t\t\t\t\t\t\t\t\t\t\t\t<\/span>\n\t\t\t\t\t\t\t\t\t\t\t\t<a class=\"elementor-accordion-title\" tabindex=\"0\">Articles d&#039;autres publications<\/a>\n\t\t\t\t\t<\/div>\n\t\t\t\t\t<div id=\"elementor-tab-content-1851\" class=\"elementor-tab-content elementor-clearfix\" data-tab=\"1\" role=\"region\" aria-labelledby=\"elementor-tab-title-1851\"><ul><li><a href=\"https:\/\/www.today.it\/benessere\/psicologia\/sindrome-rientro-sintomi-affrontarla.html\">https:\/\/www.today.it\/benessere\/psicologia\/sindrome-rientro-sintomi-affrontarla.html<\/a>(entretien tir\u00e9 de\u00a0<a href=\"https:\/\/www.worldmagazine.it\/932391\/\">https:\/\/www.worldmagazine.it\/932391\/<\/a>)<\/li><li><a href=\"https:\/\/www.romatoday.it\/benessere\/salute\/sindrome-rientro-dalle-vacanze.html\">https:\/\/www.romatoday.it\/benessere\/salute\/sindrome-rientro-dalle-vacanze.html<\/a><\/li><li><a href=\"https:\/\/www.corrieredellosport.it\/news\/altri-sport\/running\/2023\/08\/30-112377219\/post_vacation_blues_la_sindrome_da_rientro_dalle_vacanze_3_consigli_per_sconfiggerla_con_l_attivita_fisica\">https:\/\/www.corrieredellosport.it\/news\/altri-sport\/running\/2023\/08\/30-112377219\/post_vacation_blues_la_sindrome_da_rientro_dalle_vacanze_3_consigli_per_sconfiggerla_con_l_attivita_fisica<\/a><\/li><li><a href=\"https:\/\/www.tuttosport.com\/news\/altri-sport\/running\/2023\/08\/30-112377223\/3_consigli_per_sconfiggere_con_l_attivita_fisica_la_post_vacation_blues_la_sindrome_da_rientro_vacanze\">https:\/\/www.tuttosport.com\/news\/altri-sport\/running\/2023\/08\/30-112377223\/3_consigli_per_sconfiggere_con_l_attivita_fisica_la_post_vacation_blues_la_sindrome_da_rientro_vacanze<\/a><\/li><li><a href=\"https:\/\/www.sportoutdoor24.it\/salute\/psicologia\/stress-post-vacanze-consigli-sindrome-da-rientro\/\">https:\/\/www.sportoutdoor24.it\/salute\/psicologia\/stress-post-vacanze-consigli-sindrome-da-rientro\/<\/a><\/li><li><a href=\"https:\/\/www.sportal.it\/altri-sport\/stress-post-vacanze-3-consigli-per-combattere-la-sindrome-da-rientro.html\">https:\/\/www.sportal.it\/altri-sport\/stress-post-vacanze-3-consigli-per-combattere-la-sindrome-da-rientro.html<\/a><\/li><li><a href=\"https:\/\/blog.ilgiornale.it\/persiani\/2023\/08\/30\/1176\/\">https:\/\/blog.ilgiornale.it\/persiani\/2023\/08\/30\/1176\/<\/a><\/li><li><a href=\"https:\/\/www.litalianonews.it\/post-vacation-blues-la-sindrome-da-rientro-dalle-vacanze-i-consigli-per-sconfiggerla-con-lattivita-fisica\/\">https:\/\/www.litalianonews.it\/post-vacation-blues-la-sindrome-da-rientro-dalle-vacanze-i-consigli-per-sconfiggerla-con-lattivita-fisica\/<\/a><\/li><li><a href=\"https:\/\/www.virgilio.it\/italia\/roma\/notizielocali\/la_sindrome_da_rientro_dalle_vacanze_i_consigli_per_sconfiggerla_con_l_attivit_fisica-71834835.html\">https:\/\/www.virgilio.it\/italia\/roma\/notizielocali\/la_sindrome_da_rientro_dalle_vacanze_i_consigli_per_sconfiggerla_con_l_attivit_fisica-71834835.html<\/a><\/li><li><a href=\"https:\/\/www.salutelab.it\/post-vacation-blues-la-sindrome-da-rientro-dalle-vacanze-i-consigli-per-sconfiggerla\/\">https:\/\/www.salutelab.it\/post-vacation-blues-la-sindrome-da-rientro-dalle-vacanze-i-consigli-per-sconfiggerla\/<\/a><\/li><li><a href=\"https:\/\/websalute.it\/sindrome-da-rientro-ecco-i-consigli-degli-esperti-per-contrastarla\/\">https:\/\/websalute.it\/sindrome-da-rientro-ecco-i-consigli-degli-esperti-per-contrastarla\/<\/a><\/li><li><a href=\"https:\/\/www.cronacaoggiquotidiano.it\/2023\/08\/29\/la-sindrome-da-rientro-dalle-vacanze-i-consigli-per-sconfiggerla-con-lattivita-fisica\/\">https:\/\/www.cronacaoggiquotidiano.it\/2023\/08\/29\/la-sindrome-da-rientro-dalle-vacanze-i-consigli-per-sconfiggerla-con-lattivita-fisica\/<\/a><\/li><li><a href=\"https:\/\/www.italiasalute.it\/copertina.asp?Articolo_ID=14975\">https:\/\/www.italiasalute.it\/copertina.asp?Articolo_ID=14975<\/a><\/li><li><a href=\"https:\/\/www.improntalaquila.com\/2023\/08\/28\/salute-sindrome-da-rientro-per-sconfiggerla-serve-attivita-fisica\/\">https:\/\/www.improntalaquila.com\/2023\/08\/28\/salute-sindrome-da-rientro-per-sconfiggerla-serve-attivita-fisica\/<\/a><\/li><li><a href=\"https:\/\/www.worldmagazine.it\/931301\/\">https:\/\/www.worldmagazine.it\/931301\/<\/a><\/li><li><a href=\"https:\/\/www.luoghidellasalute.it\/sindrome-da-rientro-dalle-vacanze-i-consigli-per-sconfiggerla-con-lattivita-fisica\/\">https:\/\/www.luoghidellasalute.it\/sindrome-da-rientro-dalle-vacanze-i-consigli-per-sconfiggerla-con-lattivita-fisica\/<\/a><\/li><li><a href=\"https:\/\/marathonworld.it\/attivita-fisica-sindrome-rientro-vacanze-2023\">https:\/\/marathonworld.it\/attivita-fisica-sindrome-rientro-vacanze-2023<\/a><\/li><li><a href=\"https:\/\/www.zazoom.it\/2023-08-30\/sindrome-da-rientro-come-riconoscere-i-sintomi-e-affrontarla\/13421522\/\">https:\/\/www.zazoom.it\/2023-08-30\/sindrome-da-rientro-come-riconoscere-i-sintomi-e-affrontarla\/13421522\/<\/a><\/li><li><a href=\"https:\/\/www.regione.vda.it\/notizie\/details_f.asp?id=445244\">https:\/\/www.regione.vda.it\/notizie\/details_f.asp?id=445244<\/a><\/li><li><a href=\"https:\/\/www.4actionsport.it\/post-vacation-blues-3-consigli-per-sconfiggere-lansia\/\">https:\/\/www.4actionsport.it\/post-vacation-blues-3-consigli-per-sconfiggere-lansia\/<\/a><\/li><li><a href=\"http:\/\/podisti.net\/index.php\/tecnica-e-materiali\/item\/10686-post-vacation-blues-la-sindrome-da-rientro-come-sconfiggerla-con-l-attivita-fisica.html\">http:\/\/podisti.net\/index.php\/tecnica-e-materiali\/item\/10686-post-vacation-blues-la-sindrome-da-rientro-come-sconfiggerla-con-l-attivita-fisica.html<\/a><\/li><li><a href=\"https:\/\/nonewsmagazine.com\/lifestyles\/salute-e-benessere\/post-vacation-blues-la-sindrome-da-rientro-dalle-vacanze-i-consigli-per-sconfiggerla-con-lattivita-fisica\/\">https:\/\/nonewsmagazine.com\/lifestyles\/salute-e-benessere\/post-vacation-blues-la-sindrome-da-rientro-dalle-vacanze-i-consigli-per-sconfiggerla-con-lattivita-fisica\/<\/a><\/li><li><a href=\"https:\/\/travelnostop.com\/news\/curiosita\/post-vacation-blues-i-consigli-per-sconfiggere-la-sindrome-da-rientro_579507\">https:\/\/travelnostop.com\/news\/curiosita\/post-vacation-blues-i-consigli-per-sconfiggere-la-sindrome-da-rientro_579507<\/a><\/li><li><a href=\"http:\/\/www.myfitnessmagazine.it\/attivita-fisica-come-rimedio-al-post-vacation-blues-la-sindrome-da-rientro-dalle-vacanze\/\">http:\/\/www.myfitnessmagazine.it\/attivita-fisica-come-rimedio-al-post-vacation-blues-la-sindrome-da-rientro-dalle-vacanze\/<\/a><\/li><li><a href=\"https:\/\/radiosalute.it\/sindrome-da-rientro-3-azioni-vacanze-stress\/\">https:\/\/radiosalute.it\/sindrome-da-rientro-3-azioni-vacanze-stress\/<\/a><\/li><li><a href=\"https:\/\/www.tagmedicina.it\/2023\/09\/05\/post-vacation-blues-la-sindrome-da-rientro-dalle-vacanze-i-consigli-per-sconfiggerla-con-lattivita-fisica\/\">https:\/\/www.tagmedicina.it\/2023\/09\/05\/post-vacation-blues-la-sindrome-da-rientro-dalle-vacanze-i-consigli-per-sconfiggerla-con-lattivita-fisica\/<\/a><\/li><li><a href=\"https:\/\/www.sanita24.ilsole24ore.com\/art\/medicina-e-ricerca\/2023-09-05\/sindrome-rientro-tecnologia-e-sport-ristabilire-l-equilibrio-psicofisico-180624.php?uuid=AFoABbk\">https:\/\/www.sanita24.ilsole24ore.com\/art\/medicina-e-ricerca\/2023-09-05\/sindrome-rientro-tecnologia-e-sport-ristabilire-l-equilibrio-psicofisico-180624.php?uuid=AFoABbk<\/a><\/li><\/ul><\/div>\n\t\t\t\t<\/div>\n\t\t\t\t\t\t\t\t<\/div>\n\t\t\t\t<\/div>\n\t\t\t\t<\/div>\n\t\t\t\t\t<\/div>\n\t\t<\/div>\n\t\t\t\t\t\t\t<\/div>\n\t\t<\/section>\n\t\t\t\t<section class=\"elementor-section elementor-top-section elementor-element elementor-element-c6593a3 elementor-section-boxed elementor-section-height-default elementor-section-height-default\" data-id=\"c6593a3\" data-element_type=\"section\">\n\t\t\t\t\t\t<div class=\"elementor-container elementor-column-gap-default\">\n\t\t\t\t\t<div class=\"elementor-column elementor-col-100 elementor-top-column elementor-element elementor-element-fad3982\" data-id=\"fad3982\" data-element_type=\"column\">\n\t\t\t<div class=\"elementor-widget-wrap elementor-element-populated\">\n\t\t\t\t\t\t\t\t<div class=\"elementor-element elementor-element-0077b05 elementor-widget elementor-widget-heading\" data-id=\"0077b05\" data-element_type=\"widget\" data-widget_type=\"heading.default\">\n\t\t\t\t<div class=\"elementor-widget-container\">\n\t\t\t<h2 class=\"elementor-heading-title elementor-size-default\"><a href=\"https:\/\/www.ansa.it\/sito\/videogallery\/italia\/2023\/03\/31\/embodimetria-un-progetto-italiano-per-misurare-stati-psicofisici-e-stress_c3b0bb94-a696-4cfc-8fa3-74390aa6846b.html\">Embodimetry, un projet italien pour mesurer les \u00e9tats psychophysiques et le stress<\/a><\/h2>\t\t<\/div>\n\t\t\t\t<\/div>\n\t\t\t\t<section class=\"elementor-section elementor-inner-section elementor-element elementor-element-6afd54d elementor-section-boxed elementor-section-height-default elementor-section-height-default\" data-id=\"6afd54d\" data-element_type=\"section\">\n\t\t\t\t\t\t<div class=\"elementor-container elementor-column-gap-default\">\n\t\t\t\t\t<div class=\"elementor-column elementor-col-50 elementor-inner-column elementor-element elementor-element-6a7169a\" data-id=\"6a7169a\" data-element_type=\"column\">\n\t\t\t<div class=\"elementor-widget-wrap elementor-element-populated\">\n\t\t\t\t\t\t\t\t<div class=\"elementor-element elementor-element-94cc2ae elementor-widget elementor-widget-image\" data-id=\"94cc2ae\" data-element_type=\"widget\" data-widget_type=\"image.default\">\n\t\t\t\t<div class=\"elementor-widget-container\">\n\t\t\t\t\t\t\t\t\t\t\t\t\t\t\t\t<a href=\"https:\/\/www.rainews.it\/tgr\/piemonte\/articoli\/2023\/03\/cuneo-innovativo-corso-di-formazione-per-il-personale-dellospedale-croce-e-carle-30fbc40f-e88f-4512-b674-01dd89ed3e2a.html\">\n\t\t\t\t\t\t\t<img loading=\"lazy\" decoding=\"async\" width=\"680\" height=\"366\" src=\"https:\/\/motustech.it\/wp-content\/uploads\/2023\/05\/ansa-logo.png\" class=\"attachment-large size-large wp-image-576\" alt=\"\" srcset=\"https:\/\/motustech.it\/wp-content\/uploads\/2023\/05\/ansa-logo.png 680w, https:\/\/motustech.it\/wp-content\/uploads\/2023\/05\/ansa-logo-300x161.png 300w, https:\/\/motustech.it\/wp-content\/uploads\/2023\/05\/ansa-logo-18x10.png 18w\" sizes=\"auto, (max-width: 680px) 100vw, 680px\" \/>\t\t\t\t\t\t\t\t<\/a>\n\t\t\t\t\t\t\t\t\t\t\t\t\t\t\t<\/div>\n\t\t\t\t<\/div>\n\t\t\t\t\t<\/div>\n\t\t<\/div>\n\t\t\t\t<div class=\"elementor-column elementor-col-50 elementor-inner-column elementor-element elementor-element-01929df\" data-id=\"01929df\" data-element_type=\"column\">\n\t\t\t<div class=\"elementor-widget-wrap elementor-element-populated\">\n\t\t\t\t\t\t\t\t<div class=\"elementor-element elementor-element-ea4b649 elementor-widget elementor-widget-text-editor\" data-id=\"ea4b649\" data-element_type=\"widget\" data-widget_type=\"text-editor.default\">\n\t\t\t\t<div class=\"elementor-widget-container\">\n\t\t\t\t\t\t\t<div class=\"info-content\">\n<p class=\"news-stit\">Selon le protocole SynchroLab. Tests sur le personnel soignant de l&#039;h\u00f4pital de Cuneo.<\/p>\n<a href=\"https:\/\/www.ansa.it\/sito\/videogallery\/italia\/2023\/03\/31\/embodimetria-un-progetto-italiano-per-misurare-stati-psicofisici-e-stress_c3b0bb94-a696-4cfc-8fa3-74390aa6846b.html\" target=\"_blank\" rel=\"noopener\"><strong>Cliquez ICI pour consulter le rapport sur le site Web de l&#039;ANSA.<\/strong><\/a>\n\n<\/div>\t\t\t\t\t\t<\/div>\n\t\t\t\t<\/div>\n\t\t\t\t\t<\/div>\n\t\t<\/div>\n\t\t\t\t\t\t\t<\/div>\n\t\t<\/section>\n\t\t\t\t\t<\/div>\n\t\t<\/div>\n\t\t\t\t\t\t\t<\/div>\n\t\t<\/section>\n\t\t\t\t<section class=\"elementor-section elementor-top-section elementor-element elementor-element-0084733 elementor-section-boxed elementor-section-height-default elementor-section-height-default\" data-id=\"0084733\" data-element_type=\"section\">\n\t\t\t\t\t\t<div class=\"elementor-container elementor-column-gap-default\">\n\t\t\t\t\t<div class=\"elementor-column elementor-col-100 elementor-top-column elementor-element elementor-element-058f28c\" data-id=\"058f28c\" data-element_type=\"column\">\n\t\t\t<div class=\"elementor-widget-wrap elementor-element-populated\">\n\t\t\t\t\t\t\t\t<div class=\"elementor-element elementor-element-bb68937 elementor-widget elementor-widget-heading\" data-id=\"bb68937\" data-element_type=\"widget\" data-widget_type=\"heading.default\">\n\t\t\t\t<div class=\"elementor-widget-container\">\n\t\t\t<h2 class=\"elementor-heading-title elementor-size-default\"><a href=\"https:\/\/www.rainews.it\/tgr\/piemonte\/articoli\/2023\/03\/cuneo-innovativo-corso-di-formazione-per-il-personale-dellospedale-croce-e-carle-30fbc40f-e88f-4512-b674-01dd89ed3e2a.html\">Cuneo, une formation innovante pour le personnel de l&#039;h\u00f4pital Croce e Carle<\/a><\/h2>\t\t<\/div>\n\t\t\t\t<\/div>\n\t\t\t\t<section class=\"elementor-section elementor-inner-section elementor-element elementor-element-6ff915a elementor-section-boxed elementor-section-height-default elementor-section-height-default\" data-id=\"6ff915a\" data-element_type=\"section\">\n\t\t\t\t\t\t<div class=\"elementor-container elementor-column-gap-default\">\n\t\t\t\t\t<div class=\"elementor-column elementor-col-50 elementor-inner-column elementor-element elementor-element-d29f160\" data-id=\"d29f160\" data-element_type=\"column\">\n\t\t\t<div class=\"elementor-widget-wrap elementor-element-populated\">\n\t\t\t\t\t\t\t\t<div class=\"elementor-element elementor-element-9c5abe4 elementor-widget elementor-widget-image\" data-id=\"9c5abe4\" data-element_type=\"widget\" data-widget_type=\"image.default\">\n\t\t\t\t<div class=\"elementor-widget-container\">\n\t\t\t\t\t\t\t\t\t\t\t\t\t\t\t\t<a href=\"https:\/\/www.rainews.it\/tgr\/piemonte\/articoli\/2023\/03\/cuneo-innovativo-corso-di-formazione-per-il-personale-dellospedale-croce-e-carle-30fbc40f-e88f-4512-b674-01dd89ed3e2a.html\">\n\t\t\t\t\t\t\t<img loading=\"lazy\" decoding=\"async\" width=\"1024\" height=\"399\" src=\"https:\/\/motustech.it\/wp-content\/uploads\/2023\/03\/Rai_News_-_Logo_2021.svg-1024x399.png\" class=\"attachment-large size-large wp-image-562\" alt=\"\" srcset=\"https:\/\/motustech.it\/wp-content\/uploads\/2023\/03\/Rai_News_-_Logo_2021.svg-1024x399.png 1024w, https:\/\/motustech.it\/wp-content\/uploads\/2023\/03\/Rai_News_-_Logo_2021.svg-300x117.png 300w, https:\/\/motustech.it\/wp-content\/uploads\/2023\/03\/Rai_News_-_Logo_2021.svg-768x300.png 768w, https:\/\/motustech.it\/wp-content\/uploads\/2023\/03\/Rai_News_-_Logo_2021.svg-18x7.png 18w, https:\/\/motustech.it\/wp-content\/uploads\/2023\/03\/Rai_News_-_Logo_2021.svg.png 1200w\" sizes=\"auto, (max-width: 1024px) 100vw, 1024px\" \/>\t\t\t\t\t\t\t\t<\/a>\n\t\t\t\t\t\t\t\t\t\t\t\t\t\t\t<\/div>\n\t\t\t\t<\/div>\n\t\t\t\t\t<\/div>\n\t\t<\/div>\n\t\t\t\t<div class=\"elementor-column elementor-col-50 elementor-inner-column elementor-element elementor-element-ac8403c\" data-id=\"ac8403c\" data-element_type=\"column\">\n\t\t\t<div class=\"elementor-widget-wrap elementor-element-populated\">\n\t\t\t\t\t\t\t\t<div class=\"elementor-element elementor-element-6e86bab elementor-widget elementor-widget-text-editor\" data-id=\"6e86bab\" data-element_type=\"widget\" data-widget_type=\"text-editor.default\">\n\t\t\t\t<div class=\"elementor-widget-container\">\n\t\t\t\t\t\t\t<div class=\"cell small-12 medium-1 large-2 text-center\"><div class=\"buttons-wrapper\"><div class=\"share-toggler\"><span style=\"font-size: 16px;\">Le 30 mars \u00e0 la Casa del Fiume, piazzale Walther Cavallera, 100 agents de sant\u00e9, dont des m\u00e9decins et des infirmi\u00e8res de l&#039;h\u00f4pital Croce e Carle de Cuneo, entameront un parcours innovant bas\u00e9 sur l&#039;embodim\u00e9trie, o\u00f9 le mouvement actif est un outil pour surmonter les maladies ou les alt\u00e9rations de fonctionnalit\u00e9 psychophysique, du fait du choc pand\u00e9mique et du niveau de stress \u00e9lev\u00e9 du personnel m\u00e9dical, soignant et param\u00e9dical.<\/span><\/div><\/div><\/div>\t\t\t\t\t\t<\/div>\n\t\t\t\t<\/div>\n\t\t\t\t\t<\/div>\n\t\t<\/div>\n\t\t\t\t\t\t\t<\/div>\n\t\t<\/section>\n\t\t\t\t<div class=\"elementor-element elementor-element-dfe6043 elementor-widget elementor-widget-accordion\" data-id=\"dfe6043\" data-element_type=\"widget\" data-widget_type=\"accordion.default\">\n\t\t\t\t<div class=\"elementor-widget-container\">\n\t\t\t\t\t<div class=\"elementor-accordion\">\n\t\t\t\t\t\t\t<div class=\"elementor-accordion-item\">\n\t\t\t\t\t<div id=\"elementor-tab-title-2341\" class=\"elementor-tab-title\" data-tab=\"1\" role=\"button\" aria-controls=\"elementor-tab-content-2341\" aria-expanded=\"false\">\n\t\t\t\t\t\t\t\t\t\t\t\t\t<span class=\"elementor-accordion-icon elementor-accordion-icon-left\" aria-hidden=\"true\">\n\t\t\t\t\t\t\t\t\t\t\t\t\t\t\t<span class=\"elementor-accordion-icon-closed\"><i class=\"fas fa-plus\"><\/i><\/span>\n\t\t\t\t\t\t\t\t<span class=\"elementor-accordion-icon-opened\"><i class=\"fas fa-minus\"><\/i><\/span>\n\t\t\t\t\t\t\t\t\t\t\t\t\t\t<\/span>\n\t\t\t\t\t\t\t\t\t\t\t\t<a class=\"elementor-accordion-title\" tabindex=\"0\">Articles d&#039;autres publications<\/a>\n\t\t\t\t\t<\/div>\n\t\t\t\t\t<div id=\"elementor-tab-content-2341\" class=\"elementor-tab-content elementor-clearfix\" data-tab=\"1\" role=\"region\" aria-labelledby=\"elementor-tab-title-2341\"><ul><li><a href=\"https:\/\/www.rainews.it\/tgr\/piemonte\/articoli\/2023\/03\/cuneo-innovativo-corso-di-formazione-per-il-personale-dellospedale-croce-e-carle-30fbc40f-e88f-4512-b674-01dd89ed3e2a.html\">https:\/\/www.rainews.it\/tgr\/piemonte\/articoli\/2023\/03\/cuneo-innovativo-corso-di-formazione-per-il-personale-dellospedale-croce-e-carle-30fbc40f-e88f-4512-b674-01dd89ed3e2a.html<\/a><\/li><li><a href=\"https:\/\/www.cuneocronaca.it\/cuneo-l-039-embodimetria-in-campo-per-medici-e-infermieri-assediati-da-stress-e-paure\">https:\/\/www.cuneocronaca.it\/cuneo-l-039-embodimetria-in-campo-per-medici-e-infermieri-assediati-da-stress-e-paure<\/a><\/li><li><a href=\"https:\/\/ilcorriere.net\/allospedale-s-croce-di-cuneo-attivato-un-protocollo-per-il-personale-sanitario-per-superare-lo-stress-post-covid\/\">https:\/\/ilcorriere.net\/allospedale-s-croce-di-cuneo-attivato-un-protocollo-per-il-personale-sanitario-per-superare-lo-stress-post-covid\/<\/a><\/li><li><a href=\"https:\/\/primacuneo.it\/attualita\/allospedale-di-cuneo-arriva-il-protocollo-sul-movimento-attivo-per-superare-lo-stress-post-covid\/\">https:\/\/primacuneo.it\/attualita\/allospedale-di-cuneo-arriva-il-protocollo-sul-movimento-attivo-per-superare-lo-stress-post-covid\/<\/a><\/li><li><a href=\"https:\/\/www.targatocn.it\/2023\/03\/23\/leggi-notizia\/argomenti\/salute-e-benessere\/articolo\/stress-post-covid-100-dipendenti-del-santa-croce-di-cuneo-sottoposti-ad-un-test-innovativo.html\">https:\/\/www.targatocn.it\/2023\/03\/23\/leggi-notizia\/argomenti\/salute-e-benessere\/articolo\/stress-post-covid-100-dipendenti-del-santa-croce-di-cuneo-sottoposti-ad-un-test-innovativo.html<\/a><\/li><li><p style=\"font-weight: 400;\"><a href=\"https:\/\/www.quotidianopiemontese.it\/2023\/03\/26\/ospedale-s-croce-e-carle-di-cuneo-per-il-personale-sanitario-un-protocollo-sul-movimento-attivo-per-superare-lo-stress-post-covid\/\" data-saferedirecturl=\"https:\/\/www.google.com\/url?q=https:\/\/www.quotidianopiemontese.it\/2023\/03\/26\/ospedale-s-croce-e-carle-di-cuneo-per-il-personale-sanitario-un-protocollo-sul-movimento-attivo-per-superare-lo-stress-post-covid\/&amp;source=gmail&amp;ust=1680247234066000&amp;usg=AOvVaw2tZN05C2YA9A8yUWG7ceDZ\">https:\/\/www.quotidianopiemontese.it\/2023\/03\/26\/ospedale-s-croce-e-carle-di-cuneo-per-il-personale-sanitario-un-protocollo-sul-movimento-attivo-per-superare-lo-stress-post-covid\/<\/a><\/p><\/li><li><p style=\"font-weight: 400;\"><a href=\"https:\/\/www.ideawebtv.it\/2023\/03\/25\/per-il-personale-sanitario-un-protocollo-sul-movimento-attivo-per-superare-lo-stress-post-covid\/\" data-saferedirecturl=\"https:\/\/www.google.com\/url?q=https:\/\/www.ideawebtv.it\/2023\/03\/25\/per-il-personale-sanitario-un-protocollo-sul-movimento-attivo-per-superare-lo-stress-post-covid\/&amp;source=gmail&amp;ust=1680247234066000&amp;usg=AOvVaw1zKRCrZU-mU2Pnt-rA1E02\">https:\/\/www.ideawebtv.it\/2023\/03\/25\/per-il-personale-sanitario-un-protocollo-sul-movimento-attivo-per-superare-lo-stress-post-covid\/<\/a><\/p><\/li><\/ul><\/div>\n\t\t\t\t<\/div>\n\t\t\t\t\t\t\t\t<\/div>\n\t\t\t\t<\/div>\n\t\t\t\t<\/div>\n\t\t\t\t\t<\/div>\n\t\t<\/div>\n\t\t\t\t\t\t\t<\/div>\n\t\t<\/section>\n\t\t\t\t<section class=\"elementor-section elementor-top-section elementor-element elementor-element-fc37b2a elementor-section-boxed elementor-section-height-default elementor-section-height-default\" data-id=\"fc37b2a\" data-element_type=\"section\">\n\t\t\t\t\t\t<div class=\"elementor-container elementor-column-gap-default\">\n\t\t\t\t\t<div class=\"elementor-column elementor-col-100 elementor-top-column elementor-element elementor-element-20965e5\" data-id=\"20965e5\" data-element_type=\"column\">\n\t\t\t<div class=\"elementor-widget-wrap elementor-element-populated\">\n\t\t\t\t\t\t\t\t<div class=\"elementor-element elementor-element-66cf9f7 elementor-widget elementor-widget-heading\" data-id=\"66cf9f7\" data-element_type=\"widget\" data-widget_type=\"heading.default\">\n\t\t\t\t<div class=\"elementor-widget-container\">\n\t\t\t<h2 class=\"elementor-heading-title elementor-size-default\"><a href=\"https:\/\/www.zeroventiquattro.it\/aziende\/performance-professionali-ottimali-per-i-manager-dazienda-con-il-protocollo-synchrolab\/\">Des performances optimales pour les chefs d&#039;entreprise avec SynchroLab  \n<\/a><\/h2>\t\t<\/div>\n\t\t\t\t<\/div>\n\t\t\t\t<section class=\"elementor-section elementor-inner-section elementor-element elementor-element-80e2298 elementor-section-boxed elementor-section-height-default elementor-section-height-default\" data-id=\"80e2298\" data-element_type=\"section\">\n\t\t\t\t\t\t<div class=\"elementor-container elementor-column-gap-default\">\n\t\t\t\t\t<div class=\"elementor-column elementor-col-50 elementor-inner-column elementor-element elementor-element-519ee56\" data-id=\"519ee56\" data-element_type=\"column\">\n\t\t\t<div class=\"elementor-widget-wrap elementor-element-populated\">\n\t\t\t\t\t\t\t\t<div class=\"elementor-element elementor-element-3b6c01d elementor-widget elementor-widget-image\" data-id=\"3b6c01d\" data-element_type=\"widget\" data-widget_type=\"image.default\">\n\t\t\t\t<div class=\"elementor-widget-container\">\n\t\t\t\t\t\t\t\t\t\t\t\t\t\t\t\t<a href=\"https:\/\/www.zeroventiquattro.it\/aziende\/performance-professionali-ottimali-per-i-manager-dazienda-con-il-protocollo-synchrolab\/\">\n\t\t\t\t\t\t\t<img loading=\"lazy\" decoding=\"async\" width=\"442\" height=\"123\" src=\"https:\/\/motustech.it\/wp-content\/uploads\/2023\/03\/cropped-logo-zeroventiquattroweb-3.jpg\" class=\"attachment-large size-large wp-image-549\" alt=\"\" srcset=\"https:\/\/motustech.it\/wp-content\/uploads\/2023\/03\/cropped-logo-zeroventiquattroweb-3.jpg 442w, https:\/\/motustech.it\/wp-content\/uploads\/2023\/03\/cropped-logo-zeroventiquattroweb-3-300x83.jpg 300w, https:\/\/motustech.it\/wp-content\/uploads\/2023\/03\/cropped-logo-zeroventiquattroweb-3-18x5.jpg 18w\" sizes=\"auto, (max-width: 442px) 100vw, 442px\" \/>\t\t\t\t\t\t\t\t<\/a>\n\t\t\t\t\t\t\t\t\t\t\t\t\t\t\t<\/div>\n\t\t\t\t<\/div>\n\t\t\t\t\t<\/div>\n\t\t<\/div>\n\t\t\t\t<div class=\"elementor-column elementor-col-50 elementor-inner-column elementor-element elementor-element-915e67f\" data-id=\"915e67f\" data-element_type=\"column\">\n\t\t\t<div class=\"elementor-widget-wrap elementor-element-populated\">\n\t\t\t\t\t\t\t\t<div class=\"elementor-element elementor-element-4f4eebc elementor-widget elementor-widget-text-editor\" data-id=\"4f4eebc\" data-element_type=\"widget\" data-widget_type=\"text-editor.default\">\n\t\t\t\t<div class=\"elementor-widget-container\">\n\t\t\t\t\t\t\t<p>Le nouveau protocole scientifique n\u00e9 de la collaboration des entreprises Be-Move et Motustech permet de d\u00e9tecter les \u00e9tats d&#039;anxi\u00e9t\u00e9 et de stress chez les managers et de r\u00e9tablir l&#039;\u00e9quilibre psychophysique, par l&#039;activit\u00e9 motrice et des exercices respiratoires, pour am\u00e9liorer ses performances et sa r\u00e9ussite dans l&#039;atteinte des objectifs de l&#039;entreprise . Le test r\u00e9alis\u00e9 sur 42 managers d&#039;une entreprise romaine a montr\u00e9 que seul 2.5% r\u00e9pondait avec un indice optimal de capacit\u00e9 cognitive.<\/p>\t\t\t\t\t\t<\/div>\n\t\t\t\t<\/div>\n\t\t\t\t\t<\/div>\n\t\t<\/div>\n\t\t\t\t\t\t\t<\/div>\n\t\t<\/section>\n\t\t\t\t<div class=\"elementor-element elementor-element-4651993 elementor-widget elementor-widget-accordion\" data-id=\"4651993\" data-element_type=\"widget\" data-widget_type=\"accordion.default\">\n\t\t\t\t<div class=\"elementor-widget-container\">\n\t\t\t\t\t<div class=\"elementor-accordion\">\n\t\t\t\t\t\t\t<div class=\"elementor-accordion-item\">\n\t\t\t\t\t<div id=\"elementor-tab-title-7371\" class=\"elementor-tab-title\" data-tab=\"1\" role=\"button\" aria-controls=\"elementor-tab-content-7371\" aria-expanded=\"false\">\n\t\t\t\t\t\t\t\t\t\t\t\t\t<span class=\"elementor-accordion-icon elementor-accordion-icon-left\" aria-hidden=\"true\">\n\t\t\t\t\t\t\t\t\t\t\t\t\t\t\t<span class=\"elementor-accordion-icon-closed\"><i class=\"fas fa-plus\"><\/i><\/span>\n\t\t\t\t\t\t\t\t<span class=\"elementor-accordion-icon-opened\"><i class=\"fas fa-minus\"><\/i><\/span>\n\t\t\t\t\t\t\t\t\t\t\t\t\t\t<\/span>\n\t\t\t\t\t\t\t\t\t\t\t\t<a class=\"elementor-accordion-title\" tabindex=\"0\">Articles d&#039;autres publications<\/a>\n\t\t\t\t\t<\/div>\n\t\t\t\t\t<div id=\"elementor-tab-content-7371\" class=\"elementor-tab-content elementor-clearfix\" data-tab=\"1\" role=\"region\" aria-labelledby=\"elementor-tab-title-7371\"><ul>\n \t<li><a href=\"https:\/\/www.fmag.it\/2023\/03\/17\/troppo-stress-sul-lavoro-arriva-il-test-per-rilevare-gli-stati-emotivi-alterati\/\">https:\/\/www.fmag.it\/2023\/03\/17\/troppo-stress-sul-lavoro-arriva-il-test-per-rilevare-gli-stati-emotivi-alterati\/<\/a><\/li>\n \t<li><a href=\"https:\/\/www.zazoom.it\/2023-03-17\/troppo-stress-sul-lavoro-arriva-il-test-per-rilevare-gli-stati-emotivi-alterati\/12574916\/\">https:\/\/www.zazoom.it\/2023-03-17\/troppo-stress-sul-lavoro-arriva-il-test-per-rilevare-gli-stati-emotivi-alterati\/12574916\/<\/a><\/li>\n \t<li><a href=\"https:\/\/greenretail.news\/innovazione-ricerca\/performance-professionali-ottimali-per-i-manager-dazienda-con-il-protocollo-synchrolab.html\">https:\/\/greenretail.news\/innovazione-ricerca\/performance-professionali-ottimali-per-i-manager-dazienda-con-il-protocollo-synchrolab.html<\/a><\/li>\n \t<li><a href=\"https:\/\/www.romabiz.it\/performance-ottimali-per-i-manager-dazienda-con-synchrolab\/\">https:\/\/www.romabiz.it\/performance-ottimali-per-i-manager-dazienda-con-synchrolab\/<\/a><\/li>\n \t<li><a href=\"https:\/\/www.magazine.tipitosti.it\/tiramisu-con-buone-notizie\/ecco-come-misuro-e-curo-lansia-dei-manager-in-azienda\/\">https:\/\/www.magazine.tipitosti.it\/tiramisu-con-buone-notizie\/ecco-come-misuro-e-curo-lansia-dei-manager-in-azienda\/<\/a><\/li>\n \t<li><a href=\"https:\/\/www.tagmedicina.it\/2023\/03\/24\/performance-professionali-ottimali-per-i-manager-dazienda-con-il-protocollo-synchrolab\/\">https:\/\/www.tagmedicina.it\/2023\/03\/24\/performance-professionali-ottimali-per-i-manager-dazienda-con-il-protocollo-synchrolab\/<\/a><\/li>\n \t<li><a href=\"https:\/\/citybiz.it\/performance-professionali-ottimali-per-i-manager-con-synchrolab\/\">https:\/\/citybiz.it\/performance-professionali-ottimali-per-i-manager-con-synchrolab\/<\/a><\/li>\n \t<li><a href=\"https:\/\/impresaitaliana.info\/2023\/03\/protocollo-synchrolab\/\">https:\/\/impresaitaliana.info\/2023\/03\/protocollo-synchrolab\/<\/a><\/li>\n<\/ul><\/div>\n\t\t\t\t<\/div>\n\t\t\t\t\t\t\t\t<\/div>\n\t\t\t\t<\/div>\n\t\t\t\t<\/div>\n\t\t\t\t\t<\/div>\n\t\t<\/div>\n\t\t\t\t\t\t\t<\/div>\n\t\t<\/section>\n\t\t\t\t\t\t\t<\/div>","protected":false},"excerpt":{"rendered":"<p>Enfants et sport : comment g\u00e9rer les pieds plats, la scoliose et le surpoids Sports, sant\u00e9 et enfants : les smartphones et les jeux vid\u00e9o gagnent-ils ? Les enqu\u00eates \u00e9pid\u00e9miologiques men\u00e9es aupr\u00e8s des jeunes \u00e2g\u00e9s de 10 \u00e0 25 ans montrent que trop de temps est pass\u00e9 sur les t\u00e9l\u00e9phones portables et les jeux vid\u00e9o. \u00c9viter les troubles de croissance courants mais typiques comme le surpoids, les pieds plats, la scoliose est possible en revenant \u00e0...<\/p>\n<p class=\"read-more\"> <a class=\"\" href=\"https:\/\/motustech.it\/fr\/press-release\/\"> <span class=\"screen-reader-text\">communiqu\u00e9s de presse<\/span> Lire la suite \u00bb<\/a><\/p>","protected":false},"author":1,"featured_media":0,"parent":0,"menu_order":0,"comment_status":"closed","ping_status":"closed","template":"","meta":{"content-type":"","site-sidebar-layout":"no-sidebar","site-content-layout":"page-builder","ast-site-content-layout":"","site-content-style":"default","site-sidebar-style":"default","ast-global-header-display":"","ast-banner-title-visibility":"","ast-main-header-display":"","ast-hfb-above-header-display":"","ast-hfb-below-header-display":"","ast-hfb-mobile-header-display":"","site-post-title":"disabled","ast-breadcrumbs-content":"","ast-featured-img":"disabled","footer-sml-layout":"","theme-transparent-header-meta":"","adv-header-id-meta":"","stick-header-meta":"","header-above-stick-meta":"","header-main-stick-meta":"","header-below-stick-meta":"","astra-migrate-meta-layouts":"","footnotes":""},"class_list":["post-543","page","type-page","status-publish","hentry"],"yoast_head":"<!-- This site is optimized with the Yoast SEO plugin v21.5 - https:\/\/yoast.com\/wordpress\/plugins\/seo\/ -->\n<title>Press release - Motustech<\/title>\n<meta name=\"robots\" content=\"index, follow, max-snippet:-1, max-image-preview:large, max-video-preview:-1\" \/>\n<link rel=\"canonical\" href=\"https:\/\/motustech.it\/fr\/press-release\/\" \/>\n<meta property=\"og:locale\" content=\"fr_FR\" \/>\n<meta property=\"og:type\" content=\"article\" \/>\n<meta property=\"og:title\" content=\"Press release - Motustech\" \/>\n<meta property=\"og:description\" content=\"Ragazzi e sport: come affrontare piedi piatti, scoliosi e sovrappeso Sport, salute e ragazzi: vincono smartphone e videogiochi? Indagini epidemiologiche su giovani tra i 10 e i 25 anni dimostrano che si passa troppo tempo su cellulari e videogiochi. Evitare disturbi comuni, ma tipici della crescita come sovrappeso, piedi piatti, scoliosi \u00e8 possibile tornando ad &hellip; Press release Lire la suite\u00a0\u00bb\" \/>\n<meta property=\"og:url\" content=\"https:\/\/motustech.it\/fr\/press-release\/\" \/>\n<meta property=\"og:site_name\" content=\"Motustech\" \/>\n<meta property=\"article:modified_time\" content=\"2023-10-06T14:50:22+00:00\" \/>\n<meta property=\"og:image\" content=\"https:\/\/motustech.it\/wp-content\/uploads\/2023\/10\/TuttoSport_logo.png\" \/>\n<meta name=\"twitter:card\" content=\"summary_large_image\" \/>\n<meta name=\"twitter:label1\" content=\"Dur\u00e9e de lecture estim\u00e9e\" \/>\n\t<meta name=\"twitter:data1\" content=\"2 minutes\" \/>\n<script type=\"application\/ld+json\" class=\"yoast-schema-graph\">{\"@context\":\"https:\/\/schema.org\",\"@graph\":[{\"@type\":\"WebPage\",\"@id\":\"https:\/\/motustech.it\/press-release\/\",\"url\":\"https:\/\/motustech.it\/press-release\/\",\"name\":\"Press release - Motustech\",\"isPartOf\":{\"@id\":\"https:\/\/motustech.it\/#website\"},\"datePublished\":\"2023-03-22T09:20:32+00:00\",\"dateModified\":\"2023-10-06T14:50:22+00:00\",\"breadcrumb\":{\"@id\":\"https:\/\/motustech.it\/press-release\/#breadcrumb\"},\"inLanguage\":\"fr-FR\",\"potentialAction\":[{\"@type\":\"ReadAction\",\"target\":[\"https:\/\/motustech.it\/press-release\/\"]}]},{\"@type\":\"BreadcrumbList\",\"@id\":\"https:\/\/motustech.it\/press-release\/#breadcrumb\",\"itemListElement\":[{\"@type\":\"ListItem\",\"position\":1,\"name\":\"Home\",\"item\":\"https:\/\/motustech.it\/\"},{\"@type\":\"ListItem\",\"position\":2,\"name\":\"Press release\"}]},{\"@type\":\"WebSite\",\"@id\":\"https:\/\/motustech.it\/#website\",\"url\":\"https:\/\/motustech.it\/\",\"name\":\"Motustech\",\"description\":\"Sport &amp; Health Technology\",\"publisher\":{\"@id\":\"https:\/\/motustech.it\/#organization\"},\"potentialAction\":[{\"@type\":\"SearchAction\",\"target\":{\"@type\":\"EntryPoint\",\"urlTemplate\":\"https:\/\/motustech.it\/?s={search_term_string}\"},\"query-input\":\"required name=search_term_string\"}],\"inLanguage\":\"fr-FR\"},{\"@type\":\"Organization\",\"@id\":\"https:\/\/motustech.it\/#organization\",\"name\":\"Motustech\",\"url\":\"https:\/\/motustech.it\/\",\"logo\":{\"@type\":\"ImageObject\",\"inLanguage\":\"fr-FR\",\"@id\":\"https:\/\/motustech.it\/#\/schema\/logo\/image\/\",\"url\":\"https:\/\/motustech.it\/wp-content\/uploads\/2022\/07\/LogoMotustech_health-1.png\",\"contentUrl\":\"https:\/\/motustech.it\/wp-content\/uploads\/2022\/07\/LogoMotustech_health-1.png\",\"width\":2049,\"height\":411,\"caption\":\"Motustech\"},\"image\":{\"@id\":\"https:\/\/motustech.it\/#\/schema\/logo\/image\/\"}}]}<\/script>\n<!-- \/ Yoast SEO plugin. -->","yoast_head_json":{"title":"Press release - Motustech","robots":{"index":"index","follow":"follow","max-snippet":"max-snippet:-1","max-image-preview":"max-image-preview:large","max-video-preview":"max-video-preview:-1"},"canonical":"https:\/\/motustech.it\/fr\/press-release\/","og_locale":"fr_FR","og_type":"article","og_title":"Press release - Motustech","og_description":"Ragazzi e sport: come affrontare piedi piatti, scoliosi e sovrappeso Sport, salute e ragazzi: vincono smartphone e videogiochi? Indagini epidemiologiche su giovani tra i 10 e i 25 anni dimostrano che si passa troppo tempo su cellulari e videogiochi. Evitare disturbi comuni, ma tipici della crescita come sovrappeso, piedi piatti, scoliosi \u00e8 possibile tornando ad &hellip; Press release Lire la suite\u00a0\u00bb","og_url":"https:\/\/motustech.it\/fr\/press-release\/","og_site_name":"Motustech","article_modified_time":"2023-10-06T14:50:22+00:00","og_image":[{"url":"https:\/\/motustech.it\/wp-content\/uploads\/2023\/10\/TuttoSport_logo.png"}],"twitter_card":"summary_large_image","twitter_misc":{"Dur\u00e9e de lecture estim\u00e9e":"2 minutes"},"schema":{"@context":"https:\/\/schema.org","@graph":[{"@type":"WebPage","@id":"https:\/\/motustech.it\/press-release\/","url":"https:\/\/motustech.it\/press-release\/","name":"Press release - Motustech","isPartOf":{"@id":"https:\/\/motustech.it\/#website"},"datePublished":"2023-03-22T09:20:32+00:00","dateModified":"2023-10-06T14:50:22+00:00","breadcrumb":{"@id":"https:\/\/motustech.it\/press-release\/#breadcrumb"},"inLanguage":"fr-FR","potentialAction":[{"@type":"ReadAction","target":["https:\/\/motustech.it\/press-release\/"]}]},{"@type":"BreadcrumbList","@id":"https:\/\/motustech.it\/press-release\/#breadcrumb","itemListElement":[{"@type":"ListItem","position":1,"name":"Home","item":"https:\/\/motustech.it\/"},{"@type":"ListItem","position":2,"name":"Press release"}]},{"@type":"WebSite","@id":"https:\/\/motustech.it\/#website","url":"https:\/\/motustech.it\/","name":"Motustech","description":"Sport &amp; Health Technology","publisher":{"@id":"https:\/\/motustech.it\/#organization"},"potentialAction":[{"@type":"SearchAction","target":{"@type":"EntryPoint","urlTemplate":"https:\/\/motustech.it\/?s={search_term_string}"},"query-input":"required name=search_term_string"}],"inLanguage":"fr-FR"},{"@type":"Organization","@id":"https:\/\/motustech.it\/#organization","name":"Motustech","url":"https:\/\/motustech.it\/","logo":{"@type":"ImageObject","inLanguage":"fr-FR","@id":"https:\/\/motustech.it\/#\/schema\/logo\/image\/","url":"https:\/\/motustech.it\/wp-content\/uploads\/2022\/07\/LogoMotustech_health-1.png","contentUrl":"https:\/\/motustech.it\/wp-content\/uploads\/2022\/07\/LogoMotustech_health-1.png","width":2049,"height":411,"caption":"Motustech"},"image":{"@id":"https:\/\/motustech.it\/#\/schema\/logo\/image\/"}}]}},"_links":{"self":[{"href":"https:\/\/motustech.it\/fr\/wp-json\/wp\/v2\/pages\/543","targetHints":{"allow":["GET"]}}],"collection":[{"href":"https:\/\/motustech.it\/fr\/wp-json\/wp\/v2\/pages"}],"about":[{"href":"https:\/\/motustech.it\/fr\/wp-json\/wp\/v2\/types\/page"}],"author":[{"embeddable":true,"href":"https:\/\/motustech.it\/fr\/wp-json\/wp\/v2\/users\/1"}],"replies":[{"embeddable":true,"href":"https:\/\/motustech.it\/fr\/wp-json\/wp\/v2\/comments?post=543"}],"version-history":[{"count":43,"href":"https:\/\/motustech.it\/fr\/wp-json\/wp\/v2\/pages\/543\/revisions"}],"predecessor-version":[{"id":620,"href":"https:\/\/motustech.it\/fr\/wp-json\/wp\/v2\/pages\/543\/revisions\/620"}],"wp:attachment":[{"href":"https:\/\/motustech.it\/fr\/wp-json\/wp\/v2\/media?parent=543"}],"curies":[{"name":"wp","href":"https:\/\/api.w.org\/{rel}","templated":true}]}}